{"id":3410,"date":"2024-03-27T10:12:00","date_gmt":"2024-03-27T13:12:00","guid":{"rendered":"https:\/\/sitesbbr.com\/recrutamento\/?page_id=3410"},"modified":"2024-11-21T10:56:19","modified_gmt":"2024-11-21T13:56:19","slug":"midia-impressa-revistas","status":"publish","type":"page","link":"https:\/\/sitesbbr.com\/recrutamento\/midia-impressa-revistas\/","title":{"rendered":"M\u00eddia Impressa \u2013 Revistas"},"content":{"rendered":"<div class=\"wpb-content-wrapper\"><p>[vc_row type=&#8221;full_width_background&#8221; bg_color=&#8221;#dd3333&#8243; top_padding=&#8221;10&#8243; bottom_padding=&#8221;10&#8243;][vc_column enable_animation=&#8221;true&#8221; animation=&#8221;fadeInLeft&#8221; delay=&#8221;500ms&#8221;][\/vc_column][\/vc_row][vc_row type=&#8221;full_width_background&#8221; bg_image=&#8221;3217&#8243; bg_position=&#8221;center center&#8221; parallax_bg=&#8221;true&#8221; bg_color=&#8221;#ffffff&#8221; overlay=&#8221;true&#8221; overlay_color=&#8221;rgba(255,255,255,0.7)&#8221; top_padding=&#8221;60&#8243; bottom_padding=&#8221;40&#8243;][vc_column width=&#8221;1\/2&#8243; enable_animation=&#8221;true&#8221; animation=&#8221;fadeInLeft&#8221; delay=&#8221;600ms&#8221;][vc_column_text]<\/p>\n<p style=\"text-align: justify;\"><img loading=\"lazy\" decoding=\"async\" class=\"alignnone wp-image-3428 \" src=\"https:\/\/sitesbbr.com\/recrutamento\/wp-content\/uploads\/2024\/03\/5.jpg\" alt=\"\" width=\"267\" height=\"41\" srcset=\"https:\/\/sitesbbr.com\/recrutamento\/wp-content\/uploads\/2024\/03\/5.jpg 610w, https:\/\/sitesbbr.com\/recrutamento\/wp-content\/uploads\/2024\/03\/5-300x46.jpg 300w, https:\/\/sitesbbr.com\/recrutamento\/wp-content\/uploads\/2024\/03\/5-600x94.jpg 600w\" sizes=\"auto, (max-width: 267px) 100vw, 267px\" \/><\/p>\n<p><strong>Clique-os para visualiza\u00e7\u00e3o:<\/strong>[\/vc_column_text][vc_tabs style=&#8221;style_1&#8243; position=&#8221;left&#8221;][vc_tab title=&#8221;1&#8243; tab_id=&#8221;5092ac4e-8944-9&#8243;][vc_column_text]<a href=\"https:\/\/sitesbbr.com\/recrutamento\/wp-content\/uploads\/2024\/04\/Anuario-CESA-janeiro-2020.jpg\">Anu\u00e1rio CESA (janeiro-2020)<\/a><br \/>\n<a href=\"https:\/\/sitesbbr.com\/recrutamento\/wp-content\/uploads\/2024\/04\/Conceito-Juridico-no-9.jpg\">Conceito Jur\u00eddico (n\u00ba 9)<\/a><br \/>\n<a href=\"https:\/\/sitesbbr.com\/recrutamento\/wp-content\/uploads\/2024\/04\/Conceito-Juridico-no-15-scaled.jpg\">Conceito Jur\u00eddico (n\u00ba 15)<\/a><br \/>\n<a href=\"https:\/\/sitesbbr.com\/recrutamento\/wp-content\/uploads\/2024\/04\/Conceito-Juridico-no18-scaled.jpg\">Conceito Jur\u00eddico (n\u00ba18)<\/a><br \/>\n<a href=\"https:\/\/sitesbbr.com\/recrutamento\/wp-content\/uploads\/2024\/04\/Conceito-Trabalhista-Sindical-e-Previdenciario-no-14-scaled.jpg\">Conceito Trabalhista, Sindical e Previdenci\u00e1rio (n\u00ba 14)<\/a><br \/>\n<a href=\"https:\/\/sitesbbr.com\/recrutamento\/wp-content\/uploads\/2024\/04\/Direito-e-Atualidades-no-18.jpg\">Direito e Atualidades (n\u00ba 18)<\/a><br \/>\n<a href=\"https:\/\/sitesbbr.com\/recrutamento\/wp-content\/uploads\/2024\/04\/Informativo-COAD-ADV-no-11-marco-2018-scaled.jpg\">Informativo COAD ADV (n\u00ba 11 &#8211; mar\u00e7o 2018)<\/a><br \/>\n<a href=\"https:\/\/sitesbbr.com\/recrutamento\/wp-content\/uploads\/2024\/04\/Informativo-COAD-ADV-no-15-abril-2018-scaled.jpg\">Informativo COAD ADV (n\u00ba 15 &#8211; abril 2018)<\/a><br \/>\n<a href=\"https:\/\/sitesbbr.com\/recrutamento\/wp-content\/uploads\/2024\/04\/Informativo-COAD-ADV-no-29-julho-2014.jpg\">Informativo COAD ADV (n\u00ba 29 &#8211; julho 2014)<\/a><br \/>\n<a href=\"https:\/\/sitesbbr.com\/recrutamento\/wp-content\/uploads\/2024\/04\/Informativo-COAD-ADV-no-32-agosto-2013-scaled.jpg\">Informativo COAD ADV (n\u00ba 32 &#8211; agosto 2013)<\/a><br \/>\n<a href=\"https:\/\/sitesbbr.com\/recrutamento\/wp-content\/uploads\/2024\/04\/Informativo-COAD-ADV-no-39-setembro-2013.jpg\">Informativo COAD ADV (n\u00ba 39 &#8211; setembro 2013)<\/a><br \/>\n<a href=\"https:\/\/sitesbbr.com\/recrutamento\/wp-content\/uploads\/2024\/04\/Informativo-Juridico-Consulex-no-06-ano-XXVI-scaled.jpg\">Informativo Jur\u00eddico Consulex (n\u00ba 06 &#8211; ano XXVI)<\/a><br \/>\n<a href=\"https:\/\/sitesbbr.com\/recrutamento\/wp-content\/uploads\/2024\/04\/Informativo-Juridico-Consulex-no-19-ano-XXIV-scaled.jpg\">Informativo Jur\u00eddico Consulex (n\u00ba 19 &#8211; ano XXIV)<\/a><br \/>\n<a href=\"https:\/\/sitesbbr.com\/recrutamento\/wp-content\/uploads\/2024\/04\/Informativo-Juridico-Consulex-no-27-ano-XXIV-scaled.jpg\">Informativo Jur\u00eddico Consulex (n\u00ba 27 &#8211; ano XXIV)<\/a><br \/>\n<a href=\"https:\/\/sitesbbr.com\/recrutamento\/wp-content\/uploads\/2024\/04\/Jornal-Trabalhista-Consulex-no-1371-ano-XXVIII.jpg\">Jornal Trabalhista Consulex (n\u00ba 1371 &#8211; ano XXVIII)<\/a>[\/vc_column_text][\/vc_tab][vc_tab title=&#8221;2&#8243; tab_id=&#8221;94b73ba6-4786-3&#8243;][vc_column_text]<a href=\"https:\/\/sitesbbr.com\/recrutamento\/wp-content\/uploads\/2024\/04\/Jornal-Trabalhista-Consulex-no-1423-ano-XXIX.jpg\">Jornal Trabalhista Consulex (n\u00ba 1423 &#8211; ano XXIX)<\/a><br \/>\n<a href=\"https:\/\/sitesbbr.com\/recrutamento\/wp-content\/uploads\/2024\/04\/Mercado-e-Negocios-Advogados-no-22-ano-4-1.jpg\">Mercado e Neg\u00f3cios Advogados (n\u00ba 22 &#8211; ano 4)<\/a><br \/>\n<a href=\"https:\/\/sitesbbr.com\/recrutamento\/wp-content\/uploads\/2024\/04\/Mercado-e-Negocios-Advogados-no-24-ano-4-scaled.jpg\">Mercado e Neg\u00f3cios Advogados (n\u00ba 24 &#8211; ano 4)<\/a><br \/>\n<a href=\"https:\/\/sitesbbr.com\/recrutamento\/wp-content\/uploads\/2024\/04\/Mercado-e-Negocios-Advogados-no-26-ano-5-scaled.jpg\">Mercado e Neg\u00f3cios Advogados (n\u00ba 26 &#8211; ano 5)<\/a><br \/>\n<a href=\"https:\/\/sitesbbr.com\/recrutamento\/wp-content\/uploads\/2024\/04\/Mercado-e-Negocios-Advogados-no-28-ano-5.jpg\">Mercado e Neg\u00f3cios Advogados (n\u00ba 28 &#8211; ano 5)<\/a><br \/>\n<a href=\"https:\/\/sitesbbr.com\/recrutamento\/wp-content\/uploads\/2024\/04\/Mercado-e-Negocios-Advogados-no-29-ano-5-scaled.jpg\">Mercado e Neg\u00f3cios Advogados (n\u00ba 29 &#8211; ano 5)<\/a><br \/>\n<a href=\"https:\/\/sitesbbr.com\/recrutamento\/wp-content\/uploads\/2024\/04\/Mercado-e-Negocios-Advogados-no-30-ano-6-scaled.jpg\">Mercado e Neg\u00f3cios Advogados (n\u00ba 30 &#8211; ano 6)<\/a><br \/>\n<a href=\"https:\/\/sitesbbr.com\/recrutamento\/wp-content\/uploads\/2024\/04\/Mercado-e-Negocios-Advogados-no-43-ano-8-scaled.jpg\">Mercado e Neg\u00f3cios Advogados (n\u00ba 43 &#8211; ano 8)<\/a><br \/>\n<a href=\"https:\/\/sitesbbr.com\/recrutamento\/wp-content\/uploads\/2024\/04\/Mercado-e-Negocios-Advogados-no-44-ano-8-scaled.jpg\">Mercado e Neg\u00f3cios Advogados (n\u00ba 44 &#8211; ano 8)<\/a><br \/>\n<a href=\"https:\/\/sitesbbr.com\/recrutamento\/wp-content\/uploads\/2024\/04\/Mercado-e-Negocios-Advogados-no-45-ano-8-scaled.jpg\">Mercado e Neg\u00f3cios Advogados (n\u00ba 45 &#8211; ano 8)<\/a><br \/>\n<a href=\"https:\/\/sitesbbr.com\/recrutamento\/wp-content\/uploads\/2024\/04\/Mercado-e-Negocios-Advogados-no-46-ano-9.jpg\">Mercado e Neg\u00f3cios Advogados (n\u00ba 46 &#8211; ano 9)<\/a><br \/>\n<a href=\"https:\/\/sitesbbr.com\/recrutamento\/wp-content\/uploads\/2024\/04\/OAB-Noticias-SJC-no-7-ano-2.jpg\">OAB Not\u00edcias SJC (n\u00ba 7 &#8211; ano 2)<\/a><br \/>\n<a href=\"https:\/\/sitesbbr.com\/recrutamento\/wp-content\/uploads\/2024\/04\/Pratica-Forense-maio-2019-scaled.jpg\">Pr\u00e1tica Forense (maio-2019)<\/a><br \/>\n<a href=\"https:\/\/sitesbbr.com\/recrutamento\/wp-content\/uploads\/2024\/04\/Pratica-Forense-no-15-marco-2018-1.jpg\">Pr\u00e1tica Forense (n\u00ba 15 &#8211; mar\u00e7o 2018)<\/a><br \/>\n<a href=\"https:\/\/sitesbbr.com\/recrutamento\/wp-content\/uploads\/2024\/04\/Pratica-Forense-outubro-2018-scaled.jpg\">Pr\u00e1tica Forense (outubro-2018)<\/a>[\/vc_column_text][\/vc_tab][vc_tab title=&#8221;3&#8243; tab_id=&#8221;1713372413945-2-1&#8243;][vc_column_text]<a href=\"https:\/\/sitesbbr.com\/recrutamento\/wp-content\/uploads\/2024\/04\/Pratica-Forense-setembro-2018-scaled.jpg\">Pr\u00e1tica Forense (setembro -2018)<\/a><br \/>\n<a href=\"https:\/\/sitesbbr.com\/recrutamento\/wp-content\/uploads\/2024\/04\/Revista-Acoes-Legais-no-57-scaled.jpg\">Revista A\u00e7\u00f5es Legais (n\u00ba 57)<\/a><br \/>\n<a href=\"https:\/\/sitesbbr.com\/recrutamento\/wp-content\/uploads\/2024\/04\/Revista-Negocios-no-44-ano-VII-scaled.jpg\">Revista Neg\u00f3cios (n\u00ba 44 &#8211; ano VII)<\/a><br \/>\n<a href=\"https:\/\/sitesbbr.com\/recrutamento\/wp-content\/uploads\/2024\/04\/Selecoes-Juridicas-2-ADV-dezembro-2014-scaled.jpg\">Sele\u00e7\u00f5es Jur\u00eddicas 2 ADV (dezembro &#8211; 2014)<\/a><br \/>\n<a href=\"https:\/\/sitesbbr.com\/recrutamento\/wp-content\/uploads\/2024\/04\/Selecoes-Juridicas-ADV-abril-2014-scaled.jpg\">Sele\u00e7\u00f5es Jur\u00eddicas ADV (abril &#8211; 2014)<\/a><br \/>\n<a href=\"https:\/\/sitesbbr.com\/recrutamento\/wp-content\/uploads\/2024\/04\/Selecoes-Juridicas-ADV-abril-2015-scaled.jpg\">Sele\u00e7\u00f5es Jur\u00eddicas ADV (abril &#8211; 2015)<\/a><br \/>\n<a href=\"https:\/\/sitesbbr.com\/recrutamento\/wp-content\/uploads\/2024\/04\/Selecoes-Juridicas-ADV-agosto-2013-scaled.jpg\">Sele\u00e7\u00f5es Jur\u00eddicas ADV (agosto &#8211; 2013)<\/a><br \/>\n<a href=\"https:\/\/sitesbbr.com\/recrutamento\/wp-content\/uploads\/2024\/04\/Selecoes-Juridicas-ADV-agosto-2014-scaled.jpg\">Sele\u00e7\u00f5es Jur\u00eddicas ADV (agosto &#8211; 2014)<\/a><br \/>\n<a href=\"https:\/\/sitesbbr.com\/recrutamento\/wp-content\/uploads\/2024\/04\/Selecoes-Juridicas-ADV-agosto-2016-scaled.jpg\">Sele\u00e7\u00f5es Jur\u00eddicas ADV (agosto &#8211; 2016)<\/a><br \/>\n<a href=\"https:\/\/sitesbbr.com\/recrutamento\/wp-content\/uploads\/2024\/04\/Selecoes-Juridicas-ADV-agosto-2018-scaled.jpg\">Sele\u00e7\u00f5es Jur\u00eddicas ADV (agosto &#8211; 2018)<\/a><br \/>\n<a href=\"https:\/\/sitesbbr.com\/recrutamento\/wp-content\/uploads\/2024\/04\/Selecoes-Juridicas-ADV-agosto-2019-scaled.jpg\">Sele\u00e7\u00f5es Jur\u00eddicas ADV (agosto-2019)<\/a><br \/>\n<a href=\"https:\/\/sitesbbr.com\/recrutamento\/wp-content\/uploads\/2024\/04\/Selecoes-Juridicas-ADV-dezembro-2011-scaled.jpg\">Sele\u00e7\u00f5es Jur\u00eddicas ADV (dezembro &#8211; 2011)<\/a><br \/>\n<a href=\"https:\/\/sitesbbr.com\/recrutamento\/wp-content\/uploads\/2024\/04\/Selecoes-Juridicas-ADV-dezembro-2014-scaled.jpg\">Sele\u00e7\u00f5es Jur\u00eddicas ADV (dezembro &#8211; 2014)<\/a><br \/>\n<a href=\"https:\/\/sitesbbr.com\/recrutamento\/wp-content\/uploads\/2024\/04\/Selecoes-Juridicas-ADV-fevereiro-2015-1.jpg\">Sele\u00e7\u00f5es Jur\u00eddicas ADV (fevereiro &#8211; 2015)<\/a><br \/>\n<a href=\"https:\/\/sitesbbr.com\/recrutamento\/wp-content\/uploads\/2024\/04\/Selecoes-Juridicas-ADV-fevereiro-2016-scaled.jpg\">Sele\u00e7\u00f5es Jur\u00eddicas ADV (fevereiro &#8211; 2016)<\/a>[\/vc_column_text][\/vc_tab][vc_tab title=&#8221;4&#8243; tab_id=&#8221;1713372991558-3-0&#8243;][vc_column_text]<a href=\"https:\/\/sitesbbr.com\/recrutamento\/wp-content\/uploads\/2024\/04\/Selecoes-Juridicas-ADV-janeiro-2014-scaled.jpg\">Sele\u00e7\u00f5es Jur\u00eddicas ADV (janeiro &#8211; 2014)<\/a><br \/>\n<a href=\"https:\/\/sitesbbr.com\/recrutamento\/wp-content\/uploads\/2024\/04\/Selecoes-Juridicas-ADV-janeiro-2015-scaled.jpg\">Sele\u00e7\u00f5es Jur\u00eddicas ADV (janeiro &#8211; 2015)<\/a><br \/>\n<a href=\"https:\/\/sitesbbr.com\/recrutamento\/wp-content\/uploads\/2024\/04\/Selecoes-Juridicas-ADV-julho-2019-scaled.jpg\">Sele\u00e7\u00f5es Jur\u00eddicas ADV (julho-2019)<\/a><br \/>\n<a href=\"https:\/\/sitesbbr.com\/recrutamento\/wp-content\/uploads\/2024\/04\/Selecoes-Juridicas-ADV-junho-2011-scaled.jpg\">Sele\u00e7\u00f5es Jur\u00eddicas ADV (junho &#8211; 2011)<\/a><br \/>\n<a href=\"https:\/\/sitesbbr.com\/recrutamento\/wp-content\/uploads\/2024\/04\/Selecoes-Juridicas-ADV-junho-2013-scaled.jpg\">Sele\u00e7\u00f5es Jur\u00eddicas ADV (junho &#8211; 2013)<\/a><br \/>\n<a href=\"https:\/\/sitesbbr.com\/recrutamento\/wp-content\/uploads\/2024\/04\/Selecoes-Juridicas-ADV-junho-2016-scaled.jpg\">Sele\u00e7\u00f5es Jur\u00eddicas ADV (junho &#8211; 2016)<\/a><br \/>\n<a href=\"https:\/\/sitesbbr.com\/recrutamento\/wp-content\/uploads\/2024\/04\/Selecoes-Juridicas-ADV-junho-2014-scaled.jpg\">Sele\u00e7\u00f5es Jur\u00eddicas ADV (junho-2014)<\/a><br \/>\n<a href=\"https:\/\/sitesbbr.com\/recrutamento\/wp-content\/uploads\/2024\/04\/Selecoes-Juridicas-ADV-junho-2019-scaled.jpg\">Sele\u00e7\u00f5es Jur\u00eddicas ADV (junho-2019)<\/a><br \/>\n<a href=\"https:\/\/sitesbbr.com\/recrutamento\/wp-content\/uploads\/2024\/04\/Selecoes-Juridicas-ADV-maio-2013.jpg\">Sele\u00e7\u00f5es Jur\u00eddicas ADV (maio &#8211; 2013)<\/a><br \/>\n<a href=\"https:\/\/sitesbbr.com\/recrutamento\/wp-content\/uploads\/2024\/04\/Selecoes-Juridicas-ADV-maio-2015-1.jpg\">Sele\u00e7\u00f5es Jur\u00eddicas ADV (maio &#8211; 2015)<\/a><br \/>\n<a href=\"https:\/\/sitesbbr.com\/recrutamento\/wp-content\/uploads\/2024\/04\/Selecoes-Juridicas-ADV-marco-2014-scaled.jpg\">Sele\u00e7\u00f5es Jur\u00eddicas ADV (mar\u00e7o &#8211; 2014)<\/a><br \/>\n<a href=\"https:\/\/sitesbbr.com\/recrutamento\/wp-content\/uploads\/2024\/04\/Selecoes-Juridicas-ADV-marco-2017-scaled.jpg\">Sele\u00e7\u00f5es Jur\u00eddicas ADV (mar\u00e7o &#8211; 2017)<\/a><br \/>\n<a href=\"https:\/\/sitesbbr.com\/recrutamento\/wp-content\/uploads\/2024\/04\/Selecoes-Juridicas-ADV-novembro-2015-scaled.jpg\">Sele\u00e7\u00f5es Jur\u00eddicas ADV (novembro &#8211; 2015)<\/a><br \/>\n<a href=\"https:\/\/sitesbbr.com\/recrutamento\/wp-content\/uploads\/2024\/04\/Selecoes-Juridicas-ADV-outubro-2015-scaled.jpg\">Sele\u00e7\u00f5es Jur\u00eddicas ADV (outubro &#8211; 2015)<\/a><br \/>\n<a href=\"https:\/\/sitesbbr.com\/recrutamento\/wp-content\/uploads\/2024\/04\/Selecoes-Juridicas-ADV-outubro-2018-scaled.jpg\">Sele\u00e7\u00f5es Juridicas ADV (outubro-2018)<\/a>[\/vc_column_text][\/vc_tab][vc_tab title=&#8221;5&#8243; tab_id=&#8221;1713373444121-4-10&#8243;][vc_column_text]<a href=\"https:\/\/sitesbbr.com\/recrutamento\/wp-content\/uploads\/2024\/04\/Selecoes-Juridicas-ADV-setembro-2014-scaled.jpg\">Sele\u00e7\u00f5es Jur\u00eddicas ADV (setembro &#8211; 2014)<\/a><br \/>\n<a href=\"https:\/\/sitesbbr.com\/recrutamento\/wp-content\/uploads\/2024\/04\/Selecoes-Juridicas-ADV-setembro-2017.jpg\">Sele\u00e7\u00f5es Jur\u00eddicas ADV (setembro &#8211; 2017)<\/a><br \/>\n<a href=\"https:\/\/sitesbbr.com\/recrutamento\/wp-content\/uploads\/2024\/04\/Selecoes-Juridicas-ADV-setembro-2018-scaled.jpg\">Sele\u00e7\u00f5es Jur\u00eddicas ADV (setembro &#8211; 2018)<\/a><br \/>\n<a href=\"https:\/\/sitesbbr.com\/recrutamento\/wp-content\/uploads\/2024\/04\/Selecoes-Juridicas-outubro-2019-scaled.jpg\">Sele\u00e7\u00f5es-Jur\u00eddicas (outubro-2019)<\/a><br \/>\n<a href=\"https:\/\/sitesbbr.com\/recrutamento\/wp-content\/uploads\/2024\/04\/Selecoes-Juridicas-setembro-2019-scaled.jpg\">Sele\u00e7\u00f5es-Jur\u00eddicas (setembro-2019)<\/a><br \/>\n<a href=\"https:\/\/sitesbbr.com\/recrutamento\/wp-content\/uploads\/2024\/04\/Visao-Juridica-Guia.jpg\">Vis\u00e3o Jur\u00eddica &#8211; Guia<\/a><br \/>\n<a href=\"https:\/\/sitesbbr.com\/recrutamento\/wp-content\/uploads\/2024\/04\/Visao-Juridica-Teste-no-45.jpg\">Vis\u00e3o Jur\u00eddica &#8211; Teste (n\u00ba 45)<\/a><br \/>\n<a href=\"https:\/\/sitesbbr.com\/recrutamento\/wp-content\/uploads\/2024\/04\/Visao-Juridica-no-45.jpg\">Vis\u00e3o Jur\u00eddica (n\u00ba 45)<\/a><br \/>\n<a href=\"https:\/\/sitesbbr.com\/recrutamento\/wp-content\/uploads\/2024\/04\/Visao-Juridica-no-54.jpg\">Vis\u00e3o Jur\u00eddica (n\u00ba 54)<\/a><br \/>\n<a href=\"https:\/\/sitesbbr.com\/recrutamento\/wp-content\/uploads\/2024\/04\/Visao-Juridica-no-60-scaled.jpg\">Vis\u00e3o Jur\u00eddica (n\u00ba 60)<\/a><br \/>\n<a href=\"https:\/\/sitesbbr.com\/recrutamento\/wp-content\/uploads\/2024\/04\/Visao-Juridica-no-68.jpg\">Vis\u00e3o Jur\u00eddica (n\u00ba 68)<\/a><br \/>\n<a href=\"https:\/\/sitesbbr.com\/recrutamento\/wp-content\/uploads\/2024\/04\/Visao-Juridica-no-69.jpg\">Vis\u00e3o Jur\u00eddica (n\u00ba 69)<\/a><br \/>\n<a href=\"https:\/\/sitesbbr.com\/recrutamento\/wp-content\/uploads\/2024\/04\/Visao-Juridica-no-96.jpg\">Vis\u00e3o Jur\u00eddica (n\u00ba 96)<\/a><br \/>\n<a href=\"https:\/\/sitesbbr.com\/recrutamento\/wp-content\/uploads\/2024\/04\/Visao-Juridica-no-102-scaled.jpg\">Vis\u00e3o Jur\u00eddica (n\u00ba 102)<\/a><br \/>\n<a href=\"https:\/\/sitesbbr.com\/recrutamento\/wp-content\/uploads\/2024\/04\/Visao-Juridica-no-104.jpg\">Vis\u00e3o Jur\u00eddica (n\u00ba 104)<\/a>[\/vc_column_text][\/vc_tab][vc_tab title=&#8221;6&#8243; tab_id=&#8221;1713373861498-5-5&#8243;][vc_column_text]<a href=\"https:\/\/sitesbbr.com\/recrutamento\/wp-content\/uploads\/2024\/04\/Visao-Juridica-no-109.jpg\">Vis\u00e3o Jur\u00eddica (n\u00ba 109)<\/a><br \/>\n<a href=\"https:\/\/sitesbbr.com\/recrutamento\/wp-content\/uploads\/2024\/04\/Visao-Juridica-no-118-scaled.jpg\">Vis\u00e3o Jur\u00eddica (n\u00ba 118)<\/a><br \/>\n<a href=\"https:\/\/sitesbbr.com\/recrutamento\/wp-content\/uploads\/2024\/04\/Visao-Juridica-no-121.jpg\">Vis\u00e3o Jur\u00eddica (n\u00ba 121)<\/a><br \/>\n<a href=\"https:\/\/sitesbbr.com\/recrutamento\/wp-content\/uploads\/2024\/04\/Visao-Juridica-no-131-1.jpg\">Vis\u00e3o Jur\u00eddica (n\u00ba 131)<\/a><br \/>\n<a href=\"https:\/\/sitesbbr.com\/recrutamento\/wp-content\/uploads\/2024\/04\/Visao-Juridica-no-134-scaled.jpg\">Vis\u00e3o Jur\u00eddica (n\u00ba 134)<\/a><br \/>\n<a href=\"https:\/\/sitesbbr.com\/recrutamento\/wp-content\/uploads\/2024\/04\/Visao-Juridica-no-135.jpg\">Vis\u00e3o Jur\u00eddica (n\u00ba 135)<\/a><br \/>\n<a href=\"https:\/\/sitesbbr.com\/recrutamento\/wp-content\/uploads\/2024\/04\/Visao-Juridica-no-136.jpg\">Vis\u00e3o Jur\u00eddica (n\u00ba 136)<\/a><br \/>\n<a href=\"https:\/\/sitesbbr.com\/recrutamento\/wp-content\/uploads\/2024\/04\/Visao-Juridica-no-139.jpg\">Vis\u00e3o Jur\u00eddica (n\u00ba 139)<\/a><br \/>\n<a href=\"https:\/\/sitesbbr.com\/recrutamento\/wp-content\/uploads\/2024\/04\/Visao-Juridica-no-141.jpg\">Vis\u00e3o Jur\u00eddica (n\u00ba 141)<\/a>[\/vc_column_text][\/vc_tab][\/vc_tabs][\/vc_column][vc_column width=&#8221;1\/2&#8243; enable_animation=&#8221;true&#8221; animation=&#8221;fadeInRight&#8221; delay=&#8221;600ms&#8221;][vc_column_text]<img loading=\"lazy\" decoding=\"async\" class=\"aligncenter wp-image-3469 size-full\" src=\"https:\/\/sitesbbr.com\/recrutamento\/wp-content\/uploads\/2024\/03\/depoimentos-2.jpg\" alt=\"\" width=\"800\" height=\"601\" srcset=\"https:\/\/sitesbbr.com\/recrutamento\/wp-content\/uploads\/2024\/03\/depoimentos-2.jpg 800w, https:\/\/sitesbbr.com\/recrutamento\/wp-content\/uploads\/2024\/03\/depoimentos-2-300x225.jpg 300w, https:\/\/sitesbbr.com\/recrutamento\/wp-content\/uploads\/2024\/03\/depoimentos-2-768x577.jpg 768w, https:\/\/sitesbbr.com\/recrutamento\/wp-content\/uploads\/2024\/03\/depoimentos-2-627x470.jpg 627w\" sizes=\"auto, (max-width: 800px) 100vw, 800px\" \/>[\/vc_column_text][\/vc_column][\/vc_row][vc_row type=&#8221;full_width_background&#8221; bg_color=&#8221;#dd3333&#8243; top_padding=&#8221;10&#8243; bottom_padding=&#8221;10&#8243;][vc_column enable_animation=&#8221;true&#8221; animation=&#8221;fadeInLeft&#8221; delay=&#8221;800ms&#8221;][\/vc_column][\/vc_row]<\/p>\n<\/div>","protected":false},"excerpt":{"rendered":"<p>[vc_row type=&#8221;full_width_background&#8221; bg_color=&#8221;#dd3333&#8243; top_padding=&#8221;10&#8243; bottom_padding=&#8221;10&#8243;][vc_column enable_animation=&#8221;true&#8221; animation=&#8221;fadeInLeft&#8221; delay=&#8221;500ms&#8221;][\/vc_column][\/vc_row][vc_row type=&#8221;full_width_background&#8221; bg_image=&#8221;3217&#8243; bg_position=&#8221;center center&#8221; parallax_bg=&#8221;true&#8221; bg_color=&#8221;#ffffff&#8221; overlay=&#8221;true&#8221; overlay_color=&#8221;rgba(255,255,255,0.7)&#8221; top_padding=&#8221;60&#8243; bottom_padding=&#8221;40&#8243;][vc_column width=&#8221;1\/2&#8243; enable_animation=&#8221;true&#8221; animation=&#8221;fadeInLeft&#8221; delay=&#8221;600ms&#8221;][vc_column_text] Clique-os para visualiza\u00e7\u00e3o:[\/vc_column_text][vc_tabs style=&#8221;style_1&#8243; position=&#8221;left&#8221;][vc_tab title=&#8221;1&#8243; tab_id=&#8221;5092ac4e-8944-9&#8243;][vc_column_text]Anu\u00e1rio CESA (janeiro-2020) Conceito Jur\u00eddico (n\u00ba 9) Conceito Jur\u00eddico (n\u00ba 15) Conceito Jur\u00eddico (n\u00ba18) Conceito Trabalhista, Sindical e Previdenci\u00e1rio (n\u00ba 14) Direito e Atualidades (n\u00ba 18) Informativo [&hellip;]<\/p>\n","protected":false},"author":1,"featured_media":0,"parent":0,"menu_order":0,"comment_status":"closed","ping_status":"closed","template":"","meta":{"footnotes":""},"class_list":["post-3410","page","type-page","status-publish","hentry"],"post_mailing_queue_ids":[],"_links":{"self":[{"href":"https:\/\/sitesbbr.com\/recrutamento\/wp-json\/wp\/v2\/pages\/3410","targetHints":{"allow":["GET"]}}],"collection":[{"href":"https:\/\/sitesbbr.com\/recrutamento\/wp-json\/wp\/v2\/pages"}],"about":[{"href":"https:\/\/sitesbbr.com\/recrutamento\/wp-json\/wp\/v2\/types\/page"}],"author":[{"embeddable":true,"href":"https:\/\/sitesbbr.com\/recrutamento\/wp-json\/wp\/v2\/users\/1"}],"replies":[{"embeddable":true,"href":"https:\/\/sitesbbr.com\/recrutamento\/wp-json\/wp\/v2\/comments?post=3410"}],"version-history":[{"count":51,"href":"https:\/\/sitesbbr.com\/recrutamento\/wp-json\/wp\/v2\/pages\/3410\/revisions"}],"predecessor-version":[{"id":4196,"href":"https:\/\/sitesbbr.com\/recrutamento\/wp-json\/wp\/v2\/pages\/3410\/revisions\/4196"}],"wp:attachment":[{"href":"https:\/\/sitesbbr.com\/recrutamento\/wp-json\/wp\/v2\/media?parent=3410"}],"curies":[{"name":"wp","href":"https:\/\/api.w.org\/{rel}","templated":true}]}}